{"id":7,"date":"2019-08-23T12:13:45","date_gmt":"2019-08-23T10:13:45","guid":{"rendered":"http:\/\/www.polenallergie.de\/pa\/?page_id=7"},"modified":"2023-09-22T23:00:05","modified_gmt":"2023-09-22T21:00:05","slug":"startseite","status":"publish","type":"page","link":"https:\/\/www.polenallergie.de\/","title":{"rendered":"Startseite"},"content":{"rendered":"<p>[et_pb_section fb_built=&#8220;1&#8243; custom_padding_last_edited=&#8220;on|phone&#8220; admin_label=&#8220;Header&#8220; _builder_version=&#8220;4.16&#8243; background_image=&#8220;https:\/\/www.polenallergie.de\/pa\/wp-content\/uploads\/2020\/09\/LOR_KH_26.10.19-8768.jpg&#8220; parallax=&#8220;on&#8220; custom_margin=&#8220;||0px||false|false&#8220; custom_margin_tablet=&#8220;&#8220; custom_margin_phone=&#8220;-5px||||false|false&#8220; custom_margin_last_edited=&#8220;on|phone&#8220; custom_padding=&#8220;5vw||13vw||false|&#8220; custom_padding_tablet=&#8220;0vw||20vw&#8220; custom_padding_phone=&#8220;0vw||||false|false&#8220; global_colors_info=&#8220;{}&#8220;][et_pb_row disabled_on=&#8220;on|off|off&#8220; _builder_version=&#8220;4.16&#8243; max_width=&#8220;none&#8220; custom_padding=&#8220;0px||0px||true|&#8220; global_colors_info=&#8220;{}&#8220;][et_pb_column type=&#8220;4_4&#8243; _builder_version=&#8220;4.16&#8243; global_colors_info=&#8220;{}&#8220;][\/et_pb_column][\/et_pb_row][et_pb_row _builder_version=&#8220;4.16&#8243; max_width=&#8220;81.5%&#8220; custom_margin=&#8220;8vw|auto||auto|false|false&#8220; custom_margin_tablet=&#8220;23vw||||false|false&#8220; custom_margin_phone=&#8220;||||false|false&#8220; custom_margin_last_edited=&#8220;on|phone&#8220; custom_padding=&#8220;0px||0px||true&#8220; global_colors_info=&#8220;{}&#8220;][et_pb_column type=&#8220;4_4&#8243; _builder_version=&#8220;4.16&#8243; global_colors_info=&#8220;{}&#8220;][et_pb_text _builder_version=&#8220;4.16&#8243; text_font=&#8220;||||||||&#8220; text_letter_spacing=&#8220;7px&#8220; header_font=&#8220;||||||||&#8220; header_2_font=&#8220;Roboto|800||on|||||&#8220; header_2_text_color=&#8220;#ff5470&#8243; header_2_font_size=&#8220;11vw&#8220; header_2_letter_spacing=&#8220;0.3em&#8220; transform_scale_tablet=&#8220;&#8220; transform_scale_phone=&#8220;&#8220; transform_scale_last_edited=&#8220;on|desktop&#8220; transform_translate=&#8220;4em|0px&#8220; transform_translate_tablet=&#8220;&#8220; transform_translate_phone=&#8220;0em|0px&#8220; transform_translate_last_edited=&#8220;on|desktop&#8220; transform_translate_linked=&#8220;off&#8220; transform_rotate_tablet=&#8220;&#8220; transform_rotate_phone=&#8220;&#8220; transform_rotate_last_edited=&#8220;on|desktop&#8220; transform_skew_tablet=&#8220;&#8220; transform_skew_phone=&#8220;&#8220; transform_skew_last_edited=&#8220;on|desktop&#8220; transform_origin_tablet=&#8220;&#8220; transform_origin_phone=&#8220;&#8220; transform_origin_last_edited=&#8220;on|desktop&#8220; transform_styles_last_edited=&#8220;on|desktop&#8220; text_orientation=&#8220;center&#8220; background_layout=&#8220;dark&#8220; width=&#8220;97%&#8220; custom_margin=&#8220;-114px|0px|0px||false|false&#8220; custom_margin_tablet=&#8220;-46px|0px|||false|false&#8220; custom_margin_phone=&#8220;-33px||||false|false&#8220; custom_margin_last_edited=&#8220;on|phone&#8220; custom_padding=&#8220;|||0px|false|false&#8220; header_2_font_size_tablet=&#8220;11vw&#8220; header_2_font_size_phone=&#8220;11vw&#8220; header_2_font_size_last_edited=&#8220;on|phone&#8220; transform_styles_tablet=&#8220;&#8220; transform_styles_phone=&#8220;&#8220; header_2_text_shadow_style=&#8220;preset3&#8243; header_2_text_shadow_horizontal_length=&#8220;-0.08em&#8220; header_2_text_shadow_color=&#8220;#000000&#8243; text_text_align=&#8220;center&#8220; global_colors_info=&#8220;{}&#8220;]<\/p>\n<h2><span style=\"color: #ffcc00;\">POLEN<\/span><\/h2>\n<p>[\/et_pb_text][et_pb_text _builder_version=&#8220;4.16&#8243; text_font=&#8220;||||||||&#8220; text_letter_spacing=&#8220;7px&#8220; header_font=&#8220;||||||||&#8220; header_2_font=&#8220;Roboto|800||on|||||&#8220; header_2_font_size=&#8220;11vw&#8220; header_2_letter_spacing=&#8220;0.3em&#8220; transform_scale_tablet=&#8220;&#8220; transform_scale_phone=&#8220;&#8220; transform_scale_last_edited=&#8220;on|desktop&#8220; transform_translate=&#8220;4em|0px&#8220; transform_translate_tablet=&#8220;&#8220; transform_translate_phone=&#8220;0em|0px&#8220; transform_translate_last_edited=&#8220;on|desktop&#8220; transform_translate_linked=&#8220;off&#8220; transform_rotate_tablet=&#8220;&#8220; transform_rotate_phone=&#8220;&#8220; transform_rotate_last_edited=&#8220;on|desktop&#8220; transform_skew_tablet=&#8220;&#8220; transform_skew_phone=&#8220;&#8220; transform_skew_last_edited=&#8220;on|desktop&#8220; transform_origin_tablet=&#8220;&#8220; transform_origin_phone=&#8220;&#8220; transform_origin_last_edited=&#8220;on|desktop&#8220; transform_styles_last_edited=&#8220;on|desktop&#8220; text_orientation=&#8220;center&#8220; background_layout=&#8220;dark&#8220; width=&#8220;97%&#8220; custom_margin=&#8220;-86px|0px|0px||false|false&#8220; custom_margin_tablet=&#8220;-31px|0px|||false|false&#8220; custom_margin_phone=&#8220;-17px||||false|false&#8220; custom_margin_last_edited=&#8220;on|desktop&#8220; custom_padding=&#8220;|||0px|false|false&#8220; header_2_font_size_tablet=&#8220;11vw&#8220; header_2_font_size_phone=&#8220;11vw&#8220; header_2_font_size_last_edited=&#8220;on|phone&#8220; transform_styles_tablet=&#8220;&#8220; transform_styles_phone=&#8220;&#8220; header_2_text_shadow_style=&#8220;preset3&#8243; header_2_text_shadow_horizontal_length=&#8220;-0.08em&#8220; header_2_text_shadow_color=&#8220;#000000&#8243; text_text_align=&#8220;center&#8220; global_colors_info=&#8220;{}&#8220;]<\/p>\n<h2>Allergie<\/h2>\n<p>[\/et_pb_text][\/et_pb_column][\/et_pb_row][et_pb_row column_structure=&#8220;2_3,1_3&#8243; _builder_version=&#8220;4.16&#8243; _module_preset=&#8220;default&#8220; global_colors_info=&#8220;{}&#8220;][et_pb_column type=&#8220;2_3&#8243; _builder_version=&#8220;4.16&#8243; _module_preset=&#8220;default&#8220; global_colors_info=&#8220;{}&#8220;][\/et_pb_column][et_pb_column type=&#8220;1_3&#8243; _builder_version=&#8220;4.16&#8243; _module_preset=&#8220;default&#8220; global_colors_info=&#8220;{}&#8220;][\/et_pb_column][\/et_pb_row][et_pb_row column_structure=&#8220;1_2,1_2&#8243; use_custom_gutter=&#8220;on&#8220; _builder_version=&#8220;4.16&#8243; max_width=&#8220;79.5%&#8220; custom_margin=&#8220;|||||&#8220; custom_padding=&#8220;0px||0px||true|&#8220; global_colors_info=&#8220;{}&#8220;][et_pb_column type=&#8220;1_2&#8243; _builder_version=&#8220;4.16&#8243; global_colors_info=&#8220;{}&#8220;][\/et_pb_column][et_pb_column type=&#8220;1_2&#8243; _builder_version=&#8220;4.16&#8243; custom_padding=&#8220;|0vw||16vw|false|false&#8220; custom_padding_tablet=&#8220;|0vw||0vw||true&#8220; custom_padding_phone=&#8220;&#8220; custom_padding_last_edited=&#8220;on|desktop&#8220; global_colors_info=&#8220;{}&#8220;][et_pb_text _builder_version=&#8220;4.17.6&#8243; text_font=&#8220;Roboto|||on|||||&#8220; text_text_color=&#8220;#ff89b2&#8243; text_letter_spacing=&#8220;3px&#8220; text_line_height=&#8220;1.8em&#8220; background_color=&#8220;RGBA(68,45,133,0.870)&#8220; background_layout=&#8220;dark&#8220; width=&#8220;98%&#8220; min_height=&#8220;124px&#8220; custom_margin=&#8220;|-42px|-5vw|-55px|false|false&#8220; custom_margin_tablet=&#8220;||0vw|0px|false|false&#8220; custom_margin_phone=&#8220;|||0px|false|false&#8220; custom_margin_last_edited=&#8220;on|tablet&#8220; custom_padding=&#8220;40px|45px||45px|false|true&#8220; custom_padding_tablet=&#8220;|||74px|false|false&#8220; custom_padding_phone=&#8220;27px|22px||22px|false|true&#8220; custom_padding_last_edited=&#8220;on|desktop&#8220; background_color_phone=&#8220;rgba(68,45,133,0.87)&#8220; background_last_edited=&#8220;on|desktop&#8220; background_enable_color_phone=&#8220;on&#8220; module_alignment_tablet=&#8220;&#8220; module_alignment_phone=&#8220;&#8220; module_alignment_last_edited=&#8220;on|phone&#8220; locked=&#8220;off&#8220; global_colors_info=&#8220;{}&#8220;]<\/p>\n<p><a href=\"https:\/\/www.polenallergie.de\/index.php\/archiv\/2023-09-12-neal-2023\/\"><span style=\"color: #ffffff;\"><strong>12\/09<\/strong><\/span><span style=\"color: #ff99cc;\"> NEAL<\/span><\/a><\/p>\n<p><a href=\"https:\/\/www.polenallergie.de\/index.php\/archiv\/2023-10-28-ninja-episkopat-2023\/\"><span style=\"color: #ffffff;\"><strong>28\/10 <\/strong><\/span><span style=\"color: #ff99cc;\">NINJA EPISKOPAT <\/span><\/a><\/p>\n<p><a href=\"https:\/\/www.polenallergie.de\/index.php\/archiv\/2023-10-28-third-eye-of-the-poet-2023\/\"><span style=\"color: #ff99cc;\">+ THIRD EYE OF THE POET<\/span><\/a><\/p>\n<p><a href=\"https:\/\/www.polenallergie.de\/index.php\/archiv\/2022-10-02-acid-sitter-lilii-syzygy-monokini-2022\/\"><span style=\"color: #ff99cc;\">+ ZWEIFEL und CAECILIA<\/span><\/a><\/p>\n<p><a href=\"https:\/\/www.polenallergie.de\/index.php\/archiv\/2021-10-09-neal-cassady-2021\/\"><span style=\"color: #ff99cc;\"><\/span><\/a><\/p>\n<p>&nbsp;<\/p>\n<p>[\/et_pb_text][\/et_pb_column][\/et_pb_row][\/et_pb_section][et_pb_section fb_built=&#8220;1&#8243; admin_label=&#8220;Music&#8220; _builder_version=&#8220;4.16&#8243; global_colors_info=&#8220;{}&#8220;][et_pb_row column_structure=&#8220;1_2,1_2&#8243; use_custom_gutter=&#8220;on&#8220; gutter_width=&#8220;1&#8243; _builder_version=&#8220;4.16&#8243; custom_margin=&#8220;-16vw|auto||auto||&#8220; custom_padding=&#8220;0px|||||&#8220; box_shadow_style=&#8220;preset4&#8243; box_shadow_horizontal=&#8220;-30vw&#8220; box_shadow_vertical=&#8220;0px&#8220; box_shadow_color=&#8220;#ffffff&#8220; locked=&#8220;off&#8220; global_colors_info=&#8220;{}&#8220;][et_pb_column type=&#8220;1_2&#8243; _builder_version=&#8220;4.16&#8243; background_color=&#8220;#ffffff&#8220; custom_padding=&#8220;||38px||false|false&#8220; box_shadow_style=&#8220;preset3&#8243; box_shadow_blur=&#8220;48px&#8220; box_shadow_spread=&#8220;-24px&#8220; global_colors_info=&#8220;{}&#8220;][et_pb_text _builder_version=&#8220;4.16&#8243; text_font=&#8220;||||||||&#8220; header_font=&#8220;||||||||&#8220; header_2_font=&#8220;Roboto|700||on|||||&#8220; header_2_font_size=&#8220;22px&#8220; header_2_letter_spacing=&#8220;4px&#8220; header_2_line_height=&#8220;1.4em&#8220; use_background_color_gradient=&#8220;on&#8220; background_color_gradient_direction=&#8220;145deg&#8220; background_color_gradient_stops=&#8220;#ff5470 0%|#ffe896 100%&#8220; background_color_gradient_start=&#8220;#ff5470&#8243; background_color_gradient_end=&#8220;#ffe896&#8243; text_orientation=&#8220;center&#8220; background_layout=&#8220;dark&#8220; custom_padding=&#8220;48px|20px|36px|20px|false|true&#8220; custom_padding_tablet=&#8220;&#8220; custom_padding_phone=&#8220;24px||24px||true&#8220; custom_padding_last_edited=&#8220;on|desktop&#8220; header_2_font_size_tablet=&#8220;&#8220; header_2_font_size_phone=&#8220;16px&#8220; header_2_font_size_last_edited=&#8220;on|desktop&#8220; locked=&#8220;off&#8220; global_colors_info=&#8220;{}&#8220;]<\/p>\n<h2>ein vorgeschmack<\/h2>\n<p>[\/et_pb_text][et_pb_audio audio=&#8220;https:\/\/www.polenallergie.de\/pa\/wp-content\/uploads\/2023\/08\/NEAL-Stone-In-My-Shoe.wav&#8220; title=&#8220;NEAL &#8211; Stone im My Shoe&#8220; artist_name=&#8220;NEAL&#8220; _builder_version=&#8220;4.17.6&#8243; title_font=&#8220;Roboto|700||on|||||&#8220; title_text_align=&#8220;left&#8220; title_text_color=&#8220;#000000&#8243; title_font_size=&#8220;13px&#8220; title_letter_spacing=&#8220;2px&#8220; caption_font=&#8220;||||||||&#8220; caption_text_align=&#8220;left&#8220; background_color=&#8220;rgba(0,0,0,0)&#8220; background_layout=&#8220;light&#8220; max_width=&#8220;650px&#8220; max_width_tablet=&#8220;&#8220; max_width_phone=&#8220;&#8220; max_width_last_edited=&#8220;on|desktop&#8220; custom_margin=&#8220;20px||20px||true|&#8220; custom_padding=&#8220;6px||6px||true|&#8220; global_colors_info=&#8220;{}&#8220;][\/et_pb_audio][et_pb_audio audio=&#8220;https:\/\/www.polenallergie.de\/pa\/wp-content\/uploads\/2023\/09\/02-Behind-the-green-door.mp3&#8243; title=&#8220;Ninja Episkopat &#8211; Behind the green door&#8220; artist_name=&#8220;Ninja Episkopat&#8220; _builder_version=&#8220;4.17.6&#8243; title_font=&#8220;Roboto|700||on|||||&#8220; title_text_align=&#8220;left&#8220; title_text_color=&#8220;#000000&#8243; title_font_size=&#8220;13px&#8220; title_letter_spacing=&#8220;2px&#8220; caption_font=&#8220;||||||||&#8220; caption_text_align=&#8220;left&#8220; background_color=&#8220;rgba(0,0,0,0)&#8220; background_layout=&#8220;light&#8220; max_width=&#8220;650px&#8220; max_width_tablet=&#8220;&#8220; max_width_phone=&#8220;&#8220; max_width_last_edited=&#8220;on|desktop&#8220; custom_margin=&#8220;20px||20px||true|&#8220; custom_padding=&#8220;6px||6px||true|&#8220; global_colors_info=&#8220;{}&#8220;][\/et_pb_audio][et_pb_audio audio=&#8220;https:\/\/www.polenallergie.de\/pa\/wp-content\/uploads\/2023\/09\/Third-Eye-of-The-Poet-Devils-Steps.wav&#8220; title=&#8220;Third Eye of The Poet &#8211; Devil&#8217;s STeps&#8220; artist_name=&#8220;Third Eye of The Poet&#8220; _builder_version=&#8220;4.17.6&#8243; title_font=&#8220;Roboto|700||on|||||&#8220; title_text_align=&#8220;left&#8220; title_text_color=&#8220;#000000&#8243; title_font_size=&#8220;13px&#8220; title_letter_spacing=&#8220;2px&#8220; caption_font=&#8220;||||||||&#8220; caption_text_align=&#8220;left&#8220; background_color=&#8220;rgba(0,0,0,0)&#8220; background_layout=&#8220;light&#8220; max_width=&#8220;650px&#8220; max_width_tablet=&#8220;&#8220; max_width_phone=&#8220;&#8220; max_width_last_edited=&#8220;on|desktop&#8220; custom_margin=&#8220;20px||20px||true|&#8220; custom_padding=&#8220;6px||6px||true|&#8220; global_colors_info=&#8220;{}&#8220;][\/et_pb_audio][\/et_pb_column][et_pb_column type=&#8220;1_2&#8243; _builder_version=&#8220;4.16&#8243; global_colors_info=&#8220;{}&#8220;][\/et_pb_column][\/et_pb_row][et_pb_row column_structure=&#8220;1_2,1_2&#8243; _builder_version=&#8220;4.16&#8243; global_colors_info=&#8220;{}&#8220;][et_pb_column type=&#8220;1_2&#8243; _builder_version=&#8220;4.16&#8243; global_colors_info=&#8220;{}&#8220;][et_pb_text _builder_version=&#8220;4.17.6&#8243; text_font=&#8220;||||||||&#8220; text_text_color=&#8220;#000000&#8243; header_font=&#8220;||||||||&#8220; header_3_font=&#8220;Roboto|700||on|||||&#8220; header_3_font_size=&#8220;13px&#8220; header_3_letter_spacing=&#8220;3px&#8220; header_3_line_height=&#8220;1.5em&#8220; background_color=&#8220;rgba(0,0,0,0)&#8220; background_layout=&#8220;dark&#8220; custom_margin=&#8220;|-1px|-1px||false|false&#8220; custom_padding=&#8220;|||6%|false|false&#8220; link_option_url=&#8220;http:\/\/www.krakauer-haus.de\/&#8220; link_option_url_new_window=&#8220;on&#8220; text_orientation_tablet=&#8220;left&#8220; text_orientation_phone=&#8220;&#8220; text_orientation_last_edited=&#8220;on|phone&#8220; text_text_align=&#8220;left&#8220; locked=&#8220;off&#8220; global_colors_info=&#8220;{}&#8220;]<\/p>\n<h3 style=\"text-align: center;\"><span style=\"color: #000000;\">pr\u00e4sentiert von<\/span><\/h3>\n<h3><img loading=\"lazy\" src=\"https:\/\/www.polenallergie.de\/pa\/wp-content\/uploads\/2019\/08\/KHLOGO.png\" alt=\"\" class=\"wp-image-100 alignnone size-full\" style=\"display: block; margin-left: auto; margin-right: auto;\" width=\"169\" height=\"60\" \/><\/h3>\n<p>[\/et_pb_text][\/et_pb_column][et_pb_column type=&#8220;1_2&#8243; _builder_version=&#8220;4.16&#8243; global_colors_info=&#8220;{}&#8220;][\/et_pb_column][\/et_pb_row][\/et_pb_section][et_pb_section fb_built=&#8220;1&#8243; admin_label=&#8220;Gallery&#8220; _builder_version=&#8220;4.16&#8243; custom_margin=&#8220;-100px||&#8220; custom_padding=&#8220;||100px|||&#8220; locked=&#8220;off&#8220; global_colors_info=&#8220;{}&#8220;][et_pb_row column_structure=&#8220;1_2,1_2&#8243; use_custom_gutter=&#8220;on&#8220; gutter_width=&#8220;1&#8243; _builder_version=&#8220;4.16&#8243; transform_scale_tablet=&#8220;&#8220; transform_scale_phone=&#8220;&#8220; transform_scale_last_edited=&#8220;on|desktop&#8220; transform_translate=&#8220;2vw|0px&#8220; transform_translate_tablet=&#8220;0px|0px&#8220; transform_translate_phone=&#8220;&#8220; transform_translate_last_edited=&#8220;on|desktop&#8220; transform_translate_linked=&#8220;off&#8220; transform_rotate_tablet=&#8220;&#8220; transform_rotate_phone=&#8220;&#8220; transform_rotate_last_edited=&#8220;on|desktop&#8220; transform_skew_tablet=&#8220;&#8220; transform_skew_phone=&#8220;&#8220; transform_skew_last_edited=&#8220;on|desktop&#8220; transform_origin_tablet=&#8220;&#8220; transform_origin_phone=&#8220;&#8220; transform_origin_last_edited=&#8220;on|desktop&#8220; transform_styles_last_edited=&#8220;on|desktop&#8220; custom_padding=&#8220;0px||0px||true|&#8220; transform_styles_tablet=&#8220;&#8220; transform_styles_phone=&#8220;&#8220; global_colors_info=&#8220;{}&#8220;][et_pb_column type=&#8220;1_2&#8243; _builder_version=&#8220;4.16&#8243; global_colors_info=&#8220;{}&#8220; custom_padding__hover=&#8220;|||&#8220;][\/et_pb_column][et_pb_column type=&#8220;1_2&#8243; _builder_version=&#8220;4.16&#8243; global_colors_info=&#8220;{}&#8220; custom_padding__hover=&#8220;|||&#8220;][et_pb_image src=&#8220;https:\/\/www.polenallergie.de\/pa\/wp-content\/uploads\/2019\/08\/stanko_quartett590-e1567589848922.jpg&#8220; align_tablet=&#8220;&#8220; align_phone=&#8220;&#8220; align_last_edited=&#8220;on|desktop&#8220; _builder_version=&#8220;4.16&#8243; custom_margin=&#8220;-10vw|-8vw|0px|||&#8220; custom_margin_tablet=&#8220;0px|0vw||&#8220; custom_margin_phone=&#8220;&#8220; custom_margin_last_edited=&#8220;on|desktop&#8220; custom_padding=&#8220;||0px|||&#8220; box_shadow_style=&#8220;preset3&#8243; box_shadow_vertical=&#8220;40px&#8220; box_shadow_blur=&#8220;80px&#8220; box_shadow_color=&#8220;rgba(131,146,167,0.15)&#8220; global_colors_info=&#8220;{}&#8220;][\/et_pb_image][\/et_pb_column][\/et_pb_row][et_pb_row column_structure=&#8220;1_2,1_2&#8243; use_custom_gutter=&#8220;on&#8220; gutter_width=&#8220;1&#8243; _builder_version=&#8220;4.16&#8243; transform_scale_tablet=&#8220;&#8220; transform_scale_phone=&#8220;&#8220; transform_scale_last_edited=&#8220;on|desktop&#8220; transform_translate=&#8220;2vw|0px&#8220; transform_translate_tablet=&#8220;0px|0px&#8220; transform_translate_phone=&#8220;&#8220; transform_translate_last_edited=&#8220;on|desktop&#8220; transform_translate_linked=&#8220;off&#8220; transform_rotate_tablet=&#8220;&#8220; transform_rotate_phone=&#8220;&#8220; transform_rotate_last_edited=&#8220;on|desktop&#8220; transform_skew_tablet=&#8220;&#8220; transform_skew_phone=&#8220;&#8220; transform_skew_last_edited=&#8220;on|desktop&#8220; transform_origin_tablet=&#8220;&#8220; transform_origin_phone=&#8220;&#8220; transform_origin_last_edited=&#8220;on|desktop&#8220; transform_styles_last_edited=&#8220;on|desktop&#8220; custom_padding=&#8220;0px||0px||true|&#8220; transform_styles_tablet=&#8220;&#8220; transform_styles_phone=&#8220;&#8220; global_colors_info=&#8220;{}&#8220;][et_pb_column type=&#8220;1_2&#8243; _builder_version=&#8220;4.16&#8243; global_colors_info=&#8220;{}&#8220; custom_padding__hover=&#8220;|||&#8220;][et_pb_toggle title=&#8220;TICKET INFO&#8220; open_toggle_text_color=&#8220;#ffffff&#8220; open_toggle_background_color=&#8220;#ffffff&#8220; closed_toggle_background_color=&#8220;#ffffff&#8220; icon_color=&#8220;#ffffff&#8220; open_icon_color=&#8220;#ffffff&#8220; _builder_version=&#8220;4.17.6&#8243; title_text_color=&#8220;#ffffff&#8220; title_font=&#8220;Open Sans|700||on|||||&#8220; title_font_size=&#8220;14px&#8220; title_letter_spacing=&#8220;3px&#8220; body_text_color=&#8220;#ffffff&#8220; use_background_color_gradient=&#8220;on&#8220; background_color_gradient_stops=&#8220;#ffb397 0%|#f56aa0 100%&#8220; background_color_gradient_start=&#8220;#ffb397&#8243; background_color_gradient_end=&#8220;#f56aa0&#8243; transform_scale_tablet=&#8220;&#8220; transform_scale_phone=&#8220;&#8220; transform_scale_last_edited=&#8220;on|desktop&#8220; transform_translate=&#8220;100%|-100%&#8220; transform_translate_tablet=&#8220;0%|0%&#8220; transform_translate_phone=&#8220;&#8220; transform_translate_last_edited=&#8220;on|phone&#8220; transform_translate_linked=&#8220;off&#8220; transform_rotate_tablet=&#8220;&#8220; transform_rotate_phone=&#8220;&#8220; transform_rotate_last_edited=&#8220;on|desktop&#8220; transform_skew_tablet=&#8220;&#8220; transform_skew_phone=&#8220;&#8220; transform_skew_last_edited=&#8220;on|desktop&#8220; transform_origin_tablet=&#8220;&#8220; transform_origin_phone=&#8220;&#8220; transform_origin_last_edited=&#8220;on|desktop&#8220; transform_styles_last_edited=&#8220;on|phone&#8220; custom_padding=&#8220;35px|45px|35px|45px|true|true&#8220; hover_enabled=&#8220;0&#8243; title_font_size_tablet=&#8220;&#8220; title_font_size_phone=&#8220;&#8220; title_font_size_last_edited=&#8220;on|phone&#8220; title_line_height_tablet=&#8220;&#8220; title_line_height_phone=&#8220;1.6em&#8220; title_line_height_last_edited=&#8220;on|phone&#8220; transform_styles_tablet=&#8220;&#8220; transform_styles_phone=&#8220;&#8220; border_width_all=&#8220;0px&#8220; global_colors_info=&#8220;{}&#8220; sticky_enabled=&#8220;0&#8243;]<\/p>\n<p><span style=\"color: #333399;\"><strong>NEAL<\/strong><\/span> &#8211; Eintritt frei<\/p>\n<p>Eintritt\u00a0 0 \u20ac | Veranstaltungsort: Bar Ludwig&#8217;s, Innere Laufer Gasse 35, 90403 N\u00fcrnberg<\/p>\n<p><span style=\"color: #333399;\"><strong>NINJA EPISKOPAT + THIRD EYE OF THE POET + ZWEIFEL UND CAECILIA<\/strong><\/span>\u00a0 &#8211; nur Abendkasse <\/p>\n<p>Eintritt\u00a0 15 \u20ac\/10 \u20ac erm. | Veranstaltungsort: <span>DESI<\/span><strong>, <\/strong>Br\u00fcckenstr. 23, 90419 N\u00fcrnberg<\/p>\n<p>Der Gewinn von den Tickets geht an die<a href=\"https:\/\/www.grupagranica.pl\/\" target=\"_blank\" rel=\"noopener\"> <\/a><a href=\"https:\/\/aborcyjnydreamteam.pl\/\">Aborcyjny Dream Team<\/a>, eine zivilgesellschaftliche Initiative, die sich f\u00fcr Abtreibungsrechte in Polen einsetzt. Sie sind die sichere Anlaufstelle f\u00fcr Frauen und beraten und verhelfen zu einer sicheren medikament\u00f6sen Abtreibung.<\/p>\n<p>[\/et_pb_toggle][et_pb_image src=&#8220;https:\/\/www.polenallergie.de\/pa\/wp-content\/uploads\/2019\/09\/KONCERT-25.11.2017-FACEBOOK-9-e1567681157320.jpg&#8220; align=&#8220;right&#8220; align_tablet=&#8220;left&#8220; align_last_edited=&#8220;off|tablet&#8220; _builder_version=&#8220;4.16&#8243; max_width_tablet=&#8220;none&#8220; max_width_last_edited=&#8220;off|desktop&#8220; custom_margin=&#8220;-166px|-259px||-5vw&#8220; custom_margin_tablet=&#8220;0px|0px||0vw&#8220; custom_margin_phone=&#8220;&#8220; custom_margin_last_edited=&#8220;on|tablet&#8220; custom_padding=&#8220;80px|||||&#8220; box_shadow_style=&#8220;preset3&#8243; box_shadow_horizontal=&#8220;40px&#8220; box_shadow_vertical=&#8220;60px&#8220; box_shadow_blur=&#8220;80px&#8220; box_shadow_spread=&#8220;-30px&#8220; box_shadow_color=&#8220;rgba(0,0,0,0.46)&#8220; locked=&#8220;off&#8220; global_colors_info=&#8220;{}&#8220;][\/et_pb_image][et_pb_text disabled_on=&#8220;on|on|off&#8220; _builder_version=&#8220;4.16&#8243; custom_margin=&#8220;||||false|false&#8220; custom_margin_tablet=&#8220;&#8220; custom_margin_phone=&#8220;&#8220; custom_margin_last_edited=&#8220;on|phone&#8220; global_colors_info=&#8220;{}&#8220;]<\/p>\n<p style=\"text-align: left;\">Foto: Anja Duda<\/p>\n<p>[\/et_pb_text][\/et_pb_column][et_pb_column type=&#8220;1_2&#8243; _builder_version=&#8220;4.16&#8243; global_colors_info=&#8220;{}&#8220; custom_padding__hover=&#8220;|||&#8220;][\/et_pb_column][\/et_pb_row][\/et_pb_section][et_pb_section fb_built=&#8220;1&#8243; custom_padding_last_edited=&#8220;on|tablet&#8220; admin_label=&#8220;Events&#8220; module_id=&#8220;Aktuelletermine&#8220; _builder_version=&#8220;4.16&#8243; custom_padding=&#8220;2px||100px|||&#8220; custom_padding_tablet=&#8220;0px||50px||false&#8220; custom_padding_phone=&#8220;&#8220; global_colors_info=&#8220;{}&#8220;][et_pb_row _builder_version=&#8220;4.16&#8243; global_colors_info=&#8220;{}&#8220;][et_pb_column type=&#8220;4_4&#8243; _builder_version=&#8220;4.16&#8243; global_colors_info=&#8220;{}&#8220;][et_pb_text _builder_version=&#8220;4.17.6&#8243; text_font=&#8220;||||||||&#8220; text_font_size=&#8220;16px&#8220; text_line_height=&#8220;1.8em&#8220; header_font=&#8220;||||||||&#8220; header_2_font=&#8220;Fjalla One|||on|||||&#8220; header_2_font_size=&#8220;80px&#8220; header_2_line_height=&#8220;1.2em&#8220; text_orientation=&#8220;center&#8220; width_tablet=&#8220;600px&#8220; width_phone=&#8220;400px&#8220; width_last_edited=&#8220;off|phone&#8220; max_width=&#8220;1108px&#8220; module_alignment=&#8220;center&#8220; custom_margin=&#8220;|271px||251px||&#8220; custom_padding=&#8220;|||0px||&#8220; header_2_font_size_tablet=&#8220;50px&#8220; header_2_font_size_phone=&#8220;30px&#8220; header_2_font_size_last_edited=&#8220;on|phone&#8220; text_text_align=&#8220;center&#8220; locked=&#8220;off&#8220; global_colors_info=&#8220;{}&#8220;]<\/p>\n<h2 style=\"text-align: center;\">Polenallergie 2023<\/h2>\n<p style=\"text-align: center;\"><strong>POLENALLERGIE LIGHT<\/strong><\/p>\n<p style=\"text-align: center;\"><strong>\u00a0<\/strong><\/p>\n<p style=\"text-align: center;\"><strong>In diesem Jahr f\u00e4llt unser Festival Polenallergie etwas kleiner aus. Doch die Light-Version bietet trotzdem vollen Musikgenuss: An zwei Terminen haben Musikliebhaber:innen wieder die Gelegenheit aufregende junge Music-Acts aus Krakau zu entdecken: NEAL, NINJA EPISKOPAT, THIRD EYE OF THE POET. <\/strong><\/p>\n<p>&nbsp;<\/p>\n<p style=\"text-align: center;\">[\/et_pb_text][\/et_pb_column][\/et_pb_row][et_pb_row column_structure=&#8220;1_2,1_2&#8243; use_custom_gutter=&#8220;on&#8220; gutter_width=&#8220;2&#8243; _builder_version=&#8220;4.16&#8243; custom_margin=&#8220;|auto|12px|auto|false|false&#8220; global_colors_info=&#8220;{}&#8220;][et_pb_column type=&#8220;1_2&#8243; _builder_version=&#8220;4.16&#8243; global_colors_info=&#8220;{}&#8220;][et_pb_text _builder_version=&#8220;4.17.6&#8243; header_font=&#8220;||||||||&#8220; header_2_font=&#8220;Fjalla One||||||||&#8220; header_2_font_size=&#8220;60px&#8220; header_2_line_height=&#8220;1.2em&#8220; min_height=&#8220;79px&#8220; custom_margin=&#8220;-2px|||||&#8220; custom_padding=&#8220;||0px||false|false&#8220; header_2_font_size_tablet=&#8220;50px&#8220; header_2_font_size_phone=&#8220;30px&#8220; header_2_font_size_last_edited=&#8220;on|phone&#8220; global_colors_info=&#8220;{}&#8220;]<\/p>\n<h2 style=\"text-align: center;\">Sept 12<\/h2>\n<p>[\/et_pb_text][et_pb_image src=&#8220;https:\/\/www.polenallergie.de\/pa\/wp-content\/uploads\/2023\/08\/NEAL-fot.-Panda.jpg&#8220; title_text=&#8220;NEAL, fot. Panda&#8220; url=&#8220;@ET-DC@eyJkeW5hbWljIjp0cnVlLCJjb250ZW50IjoicG9zdF9saW5rX3VybF9wYWdlIiwic2V0dGluZ3MiOnsicG9zdF9pZCI6IjIzNjMifX0=@&#8220; _builder_version=&#8220;4.17.6&#8243; _dynamic_attributes=&#8220;url&#8220; global_colors_info=&#8220;{}&#8220;][\/et_pb_image][et_pb_text _builder_version=&#8220;4.17.6&#8243; global_colors_info=&#8220;{}&#8220;]<\/p>\n<p style=\"text-align: left;\"><span style=\"color: #808080;\">\u00a0Fot. Panda<br \/><\/span><\/p>\n<p>[\/et_pb_text][et_pb_text _builder_version=&#8220;4.17.6&#8243; _dynamic_attributes=&#8220;link_option_url&#8220; text_font=&#8220;Open Sans|700|||||||&#8220; text_text_color=&#8220;#0c71c3&#8243; text_letter_spacing=&#8220;1px&#8220; header_font=&#8220;Open Sans|700|||||||&#8220; header_text_color=&#8220;#f56ea0&#8243; header_3_font=&#8220;Open Sans|600|||||||&#8220; header_3_font_size=&#8220;20px&#8220; header_3_line_height=&#8220;3em&#8220; min_height=&#8220;69px&#8220; link_option_url=&#8220;@ET-DC@eyJkeW5hbWljIjp0cnVlLCJjb250ZW50IjoicG9zdF9saW5rX3VybF9wYWdlIiwic2V0dGluZ3MiOnsicG9zdF9pZCI6IjIzNjMifX0=@&#8220; locked=&#8220;off&#8220; inline_fonts=&#8220;Open Sans&#8220; global_colors_info=&#8220;{}&#8220;]<\/p>\n<h3>NEAL |<span style=\"font-family: Open Sans; font-weight: normal; color: #f56ea0;\"><strong>SONGWRITER \/ INDIE \/ ANTERNATIVE<br \/><\/strong><\/span><\/h3>\n<h3><span style=\"font-family: Open Sans; font-weight: normal; color: #f56ea0;\"><strong>\u00a0<\/strong><\/span><\/h3>\n<p>[\/et_pb_text][et_pb_button button_url=&#8220;@ET-DC@eyJkeW5hbWljIjp0cnVlLCJjb250ZW50IjoicG9zdF9saW5rX3VybF9wYWdlIiwic2V0dGluZ3MiOnsicG9zdF9pZCI6IjIzNjMifX0=@&#8220; button_text=&#8220;mehr info&#8220; button_alignment=&#8220;center&#8220; _builder_version=&#8220;4.17.6&#8243; _dynamic_attributes=&#8220;button_url&#8220; custom_button=&#8220;on&#8220; button_text_size=&#8220;14px&#8220; button_text_color=&#8220;#ffffff&#8220; button_bg_color=&#8220;#f46aa0&#8243; button_bg_use_color_gradient=&#8220;on&#8220; button_bg_color_gradient_direction=&#8220;90deg&#8220; button_bg_color_gradient_stops=&#8220;#ffb397 0%|#f46aa0 100%&#8220; button_bg_color_gradient_start=&#8220;#ffb397&#8243; button_bg_color_gradient_end=&#8220;#f46aa0&#8243; button_border_width=&#8220;0px&#8220; button_border_radius=&#8220;0px&#8220; button_letter_spacing=&#8220;5px&#8220; button_font=&#8220;Open Sans|700||on|||||&#8220; custom_margin=&#8220;20px||0px||false|false&#8220; custom_padding=&#8220;20px|40px|20px|40px|true|true&#8220; locked=&#8220;off&#8220; global_colors_info=&#8220;{}&#8220;][\/et_pb_button][\/et_pb_column][et_pb_column type=&#8220;1_2&#8243; _builder_version=&#8220;4.16&#8243; global_colors_info=&#8220;{}&#8220;][et_pb_text _builder_version=&#8220;4.17.6&#8243; header_font=&#8220;||||||||&#8220; header_2_font=&#8220;Fjalla One||||||||&#8220; header_2_font_size=&#8220;60px&#8220; header_2_line_height=&#8220;1.2em&#8220; min_height=&#8220;79px&#8220; custom_margin=&#8220;-1px||||false|false&#8220; custom_margin_tablet=&#8220;&#8220; custom_margin_phone=&#8220;21px||||false|false&#8220; custom_margin_last_edited=&#8220;on|desktop&#8220; custom_padding=&#8220;||0px||false|false&#8220; header_2_font_size_tablet=&#8220;50px&#8220; header_2_font_size_phone=&#8220;30px&#8220; header_2_font_size_last_edited=&#8220;on|phone&#8220; locked=&#8220;off&#8220; global_colors_info=&#8220;{}&#8220;]<\/p>\n<h2 style=\"text-align: center;\">Okt 28<\/h2>\n<p>[\/et_pb_text][et_pb_image src=&#8220;https:\/\/www.polenallergie.de\/pa\/wp-content\/uploads\/2023\/08\/NE-razem-av-scaled.jpg&#8220; title_text=&#8220;NE-razem av&#8220; url=&#8220;@ET-DC@eyJkeW5hbWljIjp0cnVlLCJjb250ZW50IjoicG9zdF9saW5rX3VybF9wYWdlIiwic2V0dGluZ3MiOnsicG9zdF9pZCI6IjIzNzMifX0=@&#8220; _builder_version=&#8220;4.17.6&#8243; _dynamic_attributes=&#8220;url&#8220; locked=&#8220;off&#8220; global_colors_info=&#8220;{}&#8220;][\/et_pb_image][et_pb_text _builder_version=&#8220;4.17.6&#8243; locked=&#8220;off&#8220; global_colors_info=&#8220;{}&#8220;][\/et_pb_text][et_pb_text _builder_version=&#8220;4.17.6&#8243; _dynamic_attributes=&#8220;link_option_url&#8220; text_font=&#8220;Open Sans|700|||||||&#8220; text_text_color=&#8220;#0c71c3&#8243; text_letter_spacing=&#8220;1px&#8220; header_font=&#8220;Open Sans|700|||||||&#8220; header_text_color=&#8220;#f56ea0&#8243; header_3_font=&#8220;Open Sans|600|||||||&#8220; header_3_font_size=&#8220;20px&#8220; header_3_line_height=&#8220;3em&#8220; min_height=&#8220;69px&#8220; link_option_url=&#8220;@ET-DC@eyJkeW5hbWljIjp0cnVlLCJjb250ZW50IjoicG9zdF9saW5rX3VybF9wYWdlIiwic2V0dGluZ3MiOnsicG9zdF9pZCI6IjIzNzMifX0=@&#8220; locked=&#8220;off&#8220; inline_fonts=&#8220;Open Sans&#8220; global_colors_info=&#8220;{}&#8220;]<\/p>\n<h3>NINJA EPISKOPAT | <span style=\"font-family: Open Sans; font-weight: normal; color: #f56ea0;\"><strong>JAZZ \/ ELECTRONICA<br \/><\/strong><\/span><\/h3>\n<p>[\/et_pb_text][et_pb_button button_url=&#8220;@ET-DC@eyJkeW5hbWljIjp0cnVlLCJjb250ZW50IjoicG9zdF9saW5rX3VybF9wYWdlIiwic2V0dGluZ3MiOnsicG9zdF9pZCI6IjIzNzMifX0=@&#8220; button_text=&#8220;mehr info&#8220; button_alignment=&#8220;center&#8220; _builder_version=&#8220;4.17.6&#8243; _dynamic_attributes=&#8220;button_url&#8220; custom_button=&#8220;on&#8220; button_text_size=&#8220;14px&#8220; button_text_color=&#8220;#ffffff&#8220; button_bg_color=&#8220;#f46aa0&#8243; button_bg_use_color_gradient=&#8220;on&#8220; button_bg_color_gradient_direction=&#8220;90deg&#8220; button_bg_color_gradient_stops=&#8220;#ffb397 0%|#f46aa0 100%&#8220; button_bg_color_gradient_start=&#8220;#ffb397&#8243; button_bg_color_gradient_end=&#8220;#f46aa0&#8243; button_border_width=&#8220;0px&#8220; button_border_radius=&#8220;0px&#8220; button_letter_spacing=&#8220;5px&#8220; button_font=&#8220;Open Sans|700||on|||||&#8220; custom_margin=&#8220;20px||0px||false|false&#8220; custom_padding=&#8220;20px|40px|20px|40px|true|true&#8220; locked=&#8220;off&#8220; global_colors_info=&#8220;{}&#8220;][\/et_pb_button][\/et_pb_column][\/et_pb_row][et_pb_row column_structure=&#8220;1_2,1_2&#8243; use_custom_gutter=&#8220;on&#8220; gutter_width=&#8220;2&#8243; _builder_version=&#8220;4.16&#8243; custom_margin=&#8220;|auto|||false|false&#8220; locked=&#8220;off&#8220; global_colors_info=&#8220;{}&#8220;][et_pb_column type=&#8220;1_2&#8243; _builder_version=&#8220;4.16&#8243; global_colors_info=&#8220;{}&#8220;][et_pb_text _builder_version=&#8220;4.17.6&#8243; header_font=&#8220;||||||||&#8220; header_2_font=&#8220;Fjalla One||||||||&#8220; header_2_font_size=&#8220;60px&#8220; header_2_line_height=&#8220;1.2em&#8220; min_height=&#8220;74px&#8220; custom_margin=&#8220;-2px|||||&#8220; custom_padding=&#8220;||0px||false|false&#8220; header_2_font_size_tablet=&#8220;50px&#8220; header_2_font_size_phone=&#8220;30px&#8220; header_2_font_size_last_edited=&#8220;on|phone&#8220; global_colors_info=&#8220;{}&#8220;]<\/p>\n<h2 style=\"text-align: center;\">Okt 28<\/h2>\n<p>[\/et_pb_text][et_pb_image src=&#8220;https:\/\/www.polenallergie.de\/pa\/wp-content\/uploads\/2023\/08\/Fot-fbk-Dawid-Sokolowski.jpg&#8220; title_text=&#8220;Fot fbk Dawid Sokolowski&#8220; url=&#8220;@ET-DC@eyJkeW5hbWljIjp0cnVlLCJjb250ZW50IjoicG9zdF9saW5rX3VybF9wYWdlIiwic2V0dGluZ3MiOnsicG9zdF9pZCI6IjIzODkifX0=@&#8220; _builder_version=&#8220;4.17.6&#8243; _dynamic_attributes=&#8220;url&#8220; locked=&#8220;off&#8220; global_colors_info=&#8220;{}&#8220;][\/et_pb_image][et_pb_text _builder_version=&#8220;4.17.6&#8243; locked=&#8220;off&#8220; global_colors_info=&#8220;{}&#8220;]<\/p>\n<p><span style=\"color: #ffffff;\"><span style=\"color: #808080;\">Foto: Dawid Soko\u0142owski<\/span><br \/><a target=\"_blank\" class=\"components-external-link edit-post-post-link__link\" href=\"https:\/\/www.polenallergie.de\/index.php\/kinga-glyk-trio-2020\/\" rel=\"external noreferrer noopener\"><span class=\"components-visually-hidden\"><\/span><\/a><\/span><\/p>\n<p>[\/et_pb_text][et_pb_text _builder_version=&#8220;4.17.6&#8243; _dynamic_attributes=&#8220;link_option_url&#8220; text_font=&#8220;Open Sans|700|||||||&#8220; text_text_color=&#8220;#0c71c3&#8243; text_letter_spacing=&#8220;1px&#8220; header_font=&#8220;Open Sans|700|||||||&#8220; header_text_color=&#8220;#f56ea0&#8243; header_3_font=&#8220;Open Sans|600|||||||&#8220; header_3_font_size=&#8220;20px&#8220; header_3_line_height=&#8220;3em&#8220; min_height=&#8220;69px&#8220; link_option_url=&#8220;@ET-DC@eyJkeW5hbWljIjp0cnVlLCJjb250ZW50IjoicG9zdF9saW5rX3VybF9wYWdlIiwic2V0dGluZ3MiOnsicG9zdF9pZCI6IjIzODkifX0=@&#8220; hover_enabled=&#8220;0&#8243; locked=&#8220;off&#8220; inline_fonts=&#8220;Open Sans&#8220; global_colors_info=&#8220;{}&#8220; sticky_enabled=&#8220;0&#8243;]<\/p>\n<h3>THIRD EYE OF THE POET | <span style=\"font-family: Open Sans; font-weight: normal; color: #f56ea0;\"><strong>ETHNO, TRIBAL, ELECTRONICA, JAZZ<br \/><\/strong><\/span><\/h3>\n<h3><span style=\"font-family: Open Sans; font-weight: normal; color: #f56ea0;\"><strong>\u00a0<\/strong><\/span><\/h3>\n<p>[\/et_pb_text][et_pb_button button_url=&#8220;@ET-DC@eyJkeW5hbWljIjp0cnVlLCJjb250ZW50IjoicG9zdF9saW5rX3VybF9wYWdlIiwic2V0dGluZ3MiOnsicG9zdF9pZCI6IjIzODkifX0=@&#8220; button_text=&#8220;mehr info&#8220; button_alignment=&#8220;center&#8220; _builder_version=&#8220;4.17.6&#8243; _dynamic_attributes=&#8220;button_url&#8220; custom_button=&#8220;on&#8220; button_text_size=&#8220;14px&#8220; button_text_color=&#8220;#ffffff&#8220; button_bg_color=&#8220;#f46aa0&#8243; button_bg_use_color_gradient=&#8220;on&#8220; button_bg_color_gradient_direction=&#8220;90deg&#8220; button_bg_color_gradient_stops=&#8220;#ffb397 0%|#f46aa0 100%&#8220; button_bg_color_gradient_start=&#8220;#ffb397&#8243; button_bg_color_gradient_end=&#8220;#f46aa0&#8243; button_border_width=&#8220;0px&#8220; button_border_radius=&#8220;0px&#8220; button_letter_spacing=&#8220;5px&#8220; button_font=&#8220;Open Sans|700||on|||||&#8220; custom_margin=&#8220;20px||22px||false|false&#8220; custom_padding=&#8220;20px|40px|20px|40px|true|true&#8220; locked=&#8220;off&#8220; global_colors_info=&#8220;{}&#8220;][\/et_pb_button][\/et_pb_column][et_pb_column type=&#8220;1_2&#8243; _builder_version=&#8220;4.16&#8243; global_colors_info=&#8220;{}&#8220;][\/et_pb_column][\/et_pb_row][\/et_pb_section][et_pb_section fb_built=&#8220;1&#8243; _builder_version=&#8220;4.16&#8243; custom_margin_tablet=&#8220;-20px||||false|false&#8220; custom_margin_phone=&#8220;-45px||||false|false&#8220; custom_margin_last_edited=&#8220;on|desktop&#8220; global_colors_info=&#8220;{}&#8220;][et_pb_row _builder_version=&#8220;4.16&#8243; global_colors_info=&#8220;{}&#8220;][et_pb_column type=&#8220;4_4&#8243; _builder_version=&#8220;4.16&#8243; global_colors_info=&#8220;{}&#8220;][et_pb_text content_tablet=&#8220;&#8220; content_phone=&#8220;&#8220; content_last_edited=&#8220;on|desktop&#8220; _builder_version=&#8220;4.16&#8243; text_font=&#8220;Fjalla One|||on|||||&#8220; text_text_color=&#8220;rgba(0,0,0,0.4)&#8220; text_font_size=&#8220;6vw&#8220; text_line_height=&#8220;1em&#8220; header_font=&#8220;||||||||&#8220; width=&#8220;300.7%&#8220; width_tablet=&#8220;150.6%&#8220; width_phone=&#8220;100.6%&#8220; width_last_edited=&#8220;on|phone&#8220; height_tablet=&#8220;&#8220; height_phone=&#8220;&#8220; height_last_edited=&#8220;on|tablet&#8220; custom_margin=&#8220;-1.5vw||-8vw||false|false&#8220; custom_margin_tablet=&#8220;|||-9vw|false|false&#8220; custom_margin_phone=&#8220;||0em|4vw|false|false&#8220; custom_margin_last_edited=&#8220;on|desktop&#8220; custom_padding=&#8220;|0px||0px||&#8220; animation_style=&#8220;fade&#8220; animation_direction=&#8220;left&#8220; animation_duration=&#8220;2000ms&#8220; text_font_size_tablet=&#8220;15vw&#8220; text_font_size_phone=&#8220;&#8220; text_font_size_last_edited=&#8220;on|desktop&#8220; text_text_align=&#8220;left&#8220; locked=&#8220;off&#8220; global_colors_info=&#8220;{}&#8220;]<\/p>\n<p style=\"text-align: left;\">BISHERigE KONZERTE<\/p>\n<p>[\/et_pb_text][\/et_pb_column][\/et_pb_row][\/et_pb_section][et_pb_section fb_built=&#8220;1&#8243; fullwidth=&#8220;on&#8220; _builder_version=&#8220;4.16&#8243; global_colors_info=&#8220;{}&#8220;][et_pb_fullwidth_slider show_image_video_mobile=&#8220;on&#8220; _builder_version=&#8220;4.16&#8243; body_line_height=&#8220;3em&#8220; min_height=&#8220;846px&#8220; custom_padding=&#8220;||278px|||&#8220; auto=&#8220;on&#8220; hover_transition_duration=&#8220;200ms&#8220; global_colors_info=&#8220;{}&#8220;][et_pb_slide heading=&#8220;2019&#8243; button_text=&#8220;Zum Archiv&#8220; button_link=&#8220;https:\/\/www.polenallergie.de\/index.php\/archiv\/&#8220; url_new_window=&#8220;on&#8220; _builder_version=&#8220;4.16&#8243; body_font=&#8220;|||on|||||&#8220; background_image=&#8220;https:\/\/www.polenallergie.de\/pa\/wp-content\/uploads\/2020\/03\/Yumi-Ito-Szymon-Mika_KH_19.10.19-8147_FB.jpg&#8220; background_enable_image=&#8220;on&#8220; global_colors_info=&#8220;{}&#8220; sticky_transition=&#8220;on&#8220;]<\/p>\n<p><span style=\"font-size: x-large;\"><strong><span class=\"zielonybig\"><span class=\"titel\">YUMI ITO &amp; SZYMON MIKA<\/span><\/span><\/strong><\/span> \/ <span class=\"titel\">FRAKTALE<\/span> \/ <span class=\"zielonybig\"><span class=\"titel\">LOR<\/span> <\/span>\/ <span class=\"weissBIG\"><span class=\"titel\">SKICKI-SKIUK<\/span><br \/> <\/span><\/p>\n<p>[\/et_pb_slide][et_pb_slide heading=&#8220;2018&#8243; button_text=&#8220;Zum Archiv&#8220; button_link=&#8220;https:\/\/www.polenallergie.de\/index.php\/archiv\/&#8220; url_new_window=&#8220;on&#8220; _builder_version=&#8220;4.16&#8243; body_font=&#8220;|||on|||||&#8220; background_image=&#8220;https:\/\/www.polenallergie.de\/pa\/wp-content\/uploads\/2019\/08\/2018-Kirszenbaum-POLEN-ALLERGIE-20.10.2018-BARDZO-DUZ\u0307E-7-e1567081522528.jpg&#8220; background_enable_image=&#8220;on&#8220; global_colors_info=&#8220;{}&#8220; sticky_transition=&#8220;on&#8220;]<\/p>\n<p><span style=\"font-size: x-large;\"><strong><span class=\"zielonybig\"><span class=\"titel\">KIRSZENBAUM<\/span><\/span><\/strong><\/span> \/ <span class=\"titel\">KRISTEN<\/span> \/\u00a0<span class=\"zielonybig\"><span class=\"titel\">CH\u0141OPCY KONTRA BASIA<\/span> <\/span>\/ <span class=\"weissBIG\"><span class=\"titel\">ADAM JARZMIK QUINTET<\/span><br \/> <\/span><\/p>\n<p>[\/et_pb_slide][et_pb_slide heading=&#8220;2017&#8243; button_text=&#8220;Zum Archiv&#8220; button_link=&#8220;https:\/\/www.polenallergie.de\/index.php\/archiv\/&#8220; url_new_window=&#8220;on&#8220; _builder_version=&#8220;4.16&#8243; body_font=&#8220;|||on|||||&#8220; background_image=&#8220;https:\/\/www.polenallergie.de\/pa\/wp-content\/uploads\/2019\/08\/2017-F.O.U.R.S.-11.11.2017-www.anjaduda.com-6.jpg&#8220; background_enable_image=&#8220;on&#8220; global_colors_info=&#8220;{}&#8220; sticky_transition=&#8220;on&#8220;]<\/p>\n<p><span style=\"font-size: x-large;\"><strong><span class=\"zielonybig\">f.o.u.r.s.<\/span><\/strong><\/span> \/ DJ Zamenhof \/\u00a0<span class=\"zielonybig\">Balkanscream <\/span>\/ <span class=\"weissBIG\"><span class=\"zielony2017\">Indialucia<\/span><br \/> <\/span><\/p>\n<p>[\/et_pb_slide][et_pb_slide heading=&#8220;2016&#8243; button_text=&#8220;Zum Archiv&#8220; button_link=&#8220;https:\/\/www.polenallergie.de\/index.php\/archiv\/&#8220; url_new_window=&#8220;on&#8220; _builder_version=&#8220;4.16&#8243; body_font=&#8220;|||on|||||&#8220; background_image=&#8220;https:\/\/www.polenallergie.de\/pa\/wp-content\/uploads\/2019\/08\/2016-THE-REAL-GONR-TONES-10-1-e1567081378546.jpg&#8220; background_enable_image=&#8220;on&#8220; background_last_edited=&#8220;on|tablet&#8220; background_image_phone=&#8220;https:\/\/www.polenallergie.de\/pa\/wp-content\/uploads\/2019\/08\/The-real-gone-tones-one.png&#8220; background_enable_image_phone=&#8220;on&#8220; parallax_phone=&#8220;off&#8220; background_position_phone=&#8220;center&#8220; global_colors_info=&#8220;{}&#8220; sticky_transition=&#8220;on&#8220;]<\/p>\n<p><span style=\"font-size: x-large;\"><strong><span class=\"zielonybig\">The Real Gone Tones<\/span><\/strong><\/span>\u00a0\/ Skadyktator i Jego Kosmiczne Combo \/\u00a0<span class=\"zielonybig\">Skadyktator i Jego Kosmiczne Combo <\/span>\/ <span class=\"zielonybig\">Jazzpospolita<\/span><span class=\"weissBIG\"><br \/> <\/span><\/p>\n<p>[\/et_pb_slide][\/et_pb_fullwidth_slider][\/et_pb_section][et_pb_section fb_built=&#8220;1&#8243; fullwidth=&#8220;on&#8220; _builder_version=&#8220;4.16&#8243; global_colors_info=&#8220;{}&#8220;][et_pb_fullwidth_slider _builder_version=&#8220;4.16&#8243; min_height=&#8220;69px&#8220; custom_margin=&#8220;-12px||-12px|-155px|true|false&#8220; custom_margin_tablet=&#8220;|||-72px|true|false&#8220; custom_margin_phone=&#8220;|||-49px|true|false&#8220; custom_margin_last_edited=&#8220;on|tablet&#8220; custom_padding=&#8220;0px||0px||false|false&#8220; global_colors_info=&#8220;{}&#8220;][et_pb_slide heading=&#8220;Foto: Anja Duda&#8220; _builder_version=&#8220;4.16&#8243; header_level=&#8220;h6&#8243; header_font=&#8220;||||||||&#8220; header_text_align=&#8220;left&#8220; header_text_color=&#8220;#000000&#8243; header_font_size=&#8220;14px&#8220; background_color=&#8220;rgba(0,0,0,0)&#8220; background_enable_color=&#8220;on&#8220; custom_padding=&#8220;0px||0px||false|false&#8220; global_colors_info=&#8220;{}&#8220; sticky_transition=&#8220;on&#8220;][\/et_pb_slide][et_pb_slide heading=&#8220;Foto: Anja Duda&#8220; _builder_version=&#8220;4.16&#8243; header_level=&#8220;h6&#8243; header_font=&#8220;||||||||&#8220; header_text_align=&#8220;left&#8220; header_text_color=&#8220;#000000&#8243; header_font_size=&#8220;14px&#8220; background_color=&#8220;rgba(0,0,0,0)&#8220; background_enable_color=&#8220;on&#8220; global_colors_info=&#8220;{}&#8220; sticky_transition=&#8220;on&#8220;][\/et_pb_slide][et_pb_slide heading=&#8220;Foto: Anja Duda&#8220; _builder_version=&#8220;4.16&#8243; header_level=&#8220;h6&#8243; header_font=&#8220;||||||||&#8220; header_text_align=&#8220;left&#8220; header_text_color=&#8220;#000000&#8243; header_font_size=&#8220;14px&#8220; background_color=&#8220;rgba(0,0,0,0)&#8220; background_enable_color=&#8220;on&#8220; global_colors_info=&#8220;{}&#8220; sticky_transition=&#8220;on&#8220;][\/et_pb_slide][et_pb_slide heading=&#8220;Foto: 2016-2018: Anja Duda, 2019: Kat Pfeiffer&#8220; _builder_version=&#8220;4.16&#8243; header_level=&#8220;h6&#8243; header_font=&#8220;||||||||&#8220; header_text_align=&#8220;left&#8220; header_text_color=&#8220;#000000&#8243; header_font_size=&#8220;14px&#8220; background_color=&#8220;rgba(0,0,0,0)&#8220; background_enable_color=&#8220;on&#8220; global_colors_info=&#8220;{}&#8220; sticky_transition=&#8220;on&#8220;][\/et_pb_slide][\/et_pb_fullwidth_slider][\/et_pb_section][et_pb_section fb_built=&#8220;1&#8243; _builder_version=&#8220;4.16&#8243; min_height=&#8220;105px&#8220; custom_padding=&#8220;2px||2px|||&#8220; global_colors_info=&#8220;{}&#8220;][et_pb_row _builder_version=&#8220;4.16&#8243; global_colors_info=&#8220;{}&#8220;][et_pb_column type=&#8220;4_4&#8243; _builder_version=&#8220;4.16&#8243; global_colors_info=&#8220;{}&#8220;][et_pb_text module_id=&#8220;Veranstalter&#8220; _builder_version=&#8220;4.16&#8243; text_text_color=&#8220;#ffffff&#8220; header_font=&#8220;|||||on|||&#8220; header_text_color=&#8220;#ffffff&#8220; header_2_text_color=&#8220;#ffffff&#8220; background_color=&#8220;#442d85&#8243; custom_padding=&#8220;6px||0px||false|false&#8220; header_text_shadow_style=&#8220;preset2&#8243; global_colors_info=&#8220;{}&#8220;]<\/p>\n<h2 style=\"text-align: center;\"><span style=\"color: #ffffff;\">Veranstalter<\/span><\/h2>\n<p>[\/et_pb_text][\/et_pb_column][\/et_pb_row][\/et_pb_section][et_pb_section fb_built=&#8220;1&#8243; _builder_version=&#8220;4.16&#8243; min_height=&#8220;353px&#8220; custom_padding=&#8220;||54px|||&#8220; global_colors_info=&#8220;{}&#8220;][et_pb_row column_structure=&#8220;2_5,3_5&#8243; _builder_version=&#8220;4.16&#8243; custom_margin=&#8220;||||false|false&#8220; custom_margin_tablet=&#8220;&#8220; custom_margin_phone=&#8220;||||false|false&#8220; custom_margin_last_edited=&#8220;on|tablet&#8220; global_colors_info=&#8220;{}&#8220;][et_pb_column type=&#8220;2_5&#8243; _builder_version=&#8220;4.16&#8243; custom_padding_tablet=&#8220;&#8220; custom_padding_phone=&#8220;|||0px|false|false&#8220; custom_padding_last_edited=&#8220;on|phone&#8220; global_colors_info=&#8220;{}&#8220;][et_pb_text _builder_version=&#8220;4.17.6&#8243; width_tablet=&#8220;&#8220; width_phone=&#8220;&#8220; width_last_edited=&#8220;on|tablet&#8220; custom_margin=&#8220;|||0px|false|false&#8220; custom_margin_tablet=&#8220;||||false|false&#8220; custom_margin_phone=&#8220;|0px|||false|false&#8220; custom_margin_last_edited=&#8220;on|phone&#8220; link_option_url=&#8220;http:\/\/www.krakauer-haus.de\/&#8220; link_option_url_new_window=&#8220;on&#8220; global_colors_info=&#8220;{}&#8220;]<\/p>\n<p style=\"text-align: left;\"><span style=\"font-size: large;\"><strong>Pr\u00e4sentiert von<\/strong><\/span><\/p>\n<p>&nbsp;<\/p>\n<p><a href=\"http:\/\/www.krakauer-haus.de\/\" target=\"_blank\" rel=\"noopener noreferrer\"><img loading=\"lazy\" src=\"https:\/\/www.polenallergie.de\/pa\/wp-content\/uploads\/2019\/08\/KHLOGO.png\" alt=\"\" class=\"wp-image-100 alignnone size-full\" width=\"212\" height=\"75\" \/><\/a><\/p>\n<p>[\/et_pb_text][\/et_pb_column][et_pb_column type=&#8220;3_5&#8243; _builder_version=&#8220;4.16&#8243; global_colors_info=&#8220;{}&#8220;][et_pb_text _builder_version=&#8220;4.17.6&#8243; width_tablet=&#8220;&#8220; width_phone=&#8220;73%&#8220; width_last_edited=&#8220;on|phone&#8220; custom_margin=&#8220;||||false|false&#8220; custom_margin_tablet=&#8220;||||false|false&#8220; custom_margin_phone=&#8220;||||false|false&#8220; custom_margin_last_edited=&#8220;on|phone&#8220; global_colors_info=&#8220;{}&#8220;]<\/p>\n<p><span style=\"font-size: large;\"><strong>In Zusammenarbeit mit<\/strong><\/span><\/p>\n<p>&nbsp;<\/p>\n<p><a href=\"https:\/\/www.nuernberg.de\/internet\/international\/partnerstaedte.html\" target=\"_blank\" rel=\"noopener noreferrer\"><img loading=\"lazy\" src=\"https:\/\/www.polenallergie.de\/pa\/wp-content\/uploads\/2019\/08\/ib_logo.jpg\" alt=\"\" class=\"wp-image-75 alignnone size-full\" width=\"129\" height=\"146\" srcset=\"https:\/\/www.polenallergie.de\/pa\/wp-content\/uploads\/2019\/08\/ib_logo.jpg 346w, https:\/\/www.polenallergie.de\/pa\/wp-content\/uploads\/2019\/08\/ib_logo-264x300.jpg 264w\" sizes=\"(max-width: 129px) 100vw, 129px\" \/><\/a> \u00a0 \u00a0 \u00a0\u00a0 <a href=\"http:\/\/www.radio-z.net\"><img loading=\"lazy\" src=\"https:\/\/www.polenallergie.de\/pa\/wp-content\/uploads\/2022\/08\/DESI_Logo-300x212.jpg\" alt=\"\" class=\"wp-image-2257 alignnone size-medium\" width=\"300\" height=\"212\" \/><img loading=\"lazy\" src=\"https:\/\/www.polenallergie.de\/pa\/wp-content\/uploads\/2019\/08\/radio_z-150x150.jpg\" alt=\"\" class=\"wp-image-81 alignnone size-thumbnail\" width=\"150\" height=\"150\" srcset=\"https:\/\/www.polenallergie.de\/pa\/wp-content\/uploads\/2019\/08\/radio_z-150x150.jpg 150w, https:\/\/www.polenallergie.de\/pa\/wp-content\/uploads\/2019\/08\/radio_z.jpg 290w\" sizes=\"(max-width: 150px) 100vw, 150px\" \/><\/a><\/p>\n<p>&nbsp;<\/p>\n<p>&nbsp;<\/p>\n<p>[\/et_pb_text][\/et_pb_column][\/et_pb_row][\/et_pb_section][et_pb_section fb_built=&#8220;1&#8243; admin_label=&#8220;About&#8220; module_id=&#8220;Philosophie&#8220; _builder_version=&#8220;4.16&#8243; use_background_color_gradient=&#8220;on&#8220; background_color_gradient_direction=&#8220;142deg&#8220; background_color_gradient_stops=&#8220;rgba(29,9,61,0) 0%|#26033f 100%&#8220; background_color_gradient_overlays_image=&#8220;on&#8220; background_color_gradient_start=&#8220;rgba(29,9,61,0)&#8220; background_color_gradient_end=&#8220;#26033f&#8220; background_image=&#8220;https:\/\/www.polenallergie.de\/pa\/wp-content\/uploads\/2019\/09\/kroke760.jpg&#8220; min_height=&#8220;706px&#8220; custom_margin=&#8220;34px|||||&#8220; custom_padding=&#8220;6vw||6vw||true|&#8220; box_shadow_style=&#8220;preset4&#8243; box_shadow_horizontal=&#8220;-58vw&#8220; box_shadow_vertical=&#8220;-66px&#8220; box_shadow_color=&#8220;#ffec63&#8243; locked=&#8220;off&#8220; global_colors_info=&#8220;{}&#8220;][et_pb_row column_structure=&#8220;1_2,1_2&#8243; _builder_version=&#8220;4.16&#8243; custom_padding=&#8220;|||0px|false|false&#8220; global_colors_info=&#8220;{}&#8220;][et_pb_column type=&#8220;1_2&#8243; _builder_version=&#8220;4.16&#8243; global_colors_info=&#8220;{}&#8220;][et_pb_image src=&#8220;https:\/\/www.polenallergie.de\/pa\/wp-content\/uploads\/2019\/08\/polen_allergie_elements-element.png&#8220; _builder_version=&#8220;4.16&#8243; width=&#8220;96.9%&#8220; min_height=&#8220;441px&#8220; custom_margin=&#8220;|||-190px|false|false&#8220; custom_padding=&#8220;1px|0px|3px|0px|false|false&#8220; global_colors_info=&#8220;{}&#8220;][\/et_pb_image][\/et_pb_column][et_pb_column type=&#8220;1_2&#8243; _builder_version=&#8220;4.16&#8243; global_colors_info=&#8220;{}&#8220;][et_pb_text content_tablet=&#8220;<\/p>\n<h2><strong>philosophie<\/strong><\/h2>\n<p>&#8220; content_phone=&#8220;<\/p>\n<h2>philosophie<\/h2>\n<p>&#8220; content_last_edited=&#8220;on|phone&#8220; _builder_version=&#8220;4.16&#8243; text_font=&#8220;||||||||&#8220; text_font_size=&#8220;16px&#8220; text_line_height=&#8220;1.8em&#8220; header_font=&#8220;||||||||&#8220; header_2_font=&#8220;Fjalla One|||on|||||&#8220; header_2_text_align=&#8220;center&#8220; header_2_font_size=&#8220;95px&#8220; header_2_line_height=&#8220;1.3em&#8220; background_layout=&#8220;dark&#8220; width=&#8220;104%&#8220; width_tablet=&#8220;600px&#8220; width_phone=&#8220;232px&#8220; width_last_edited=&#8220;on|phone&#8220; module_alignment=&#8220;center&#8220; min_height=&#8220;100px&#8220; custom_margin=&#8220;||||false|true&#8220; custom_margin_tablet=&#8220;&#8220; custom_margin_phone=&#8220;||||false|false&#8220; custom_margin_last_edited=&#8220;on|desktop&#8220; custom_padding=&#8220;|0px||0px|true|true&#8220; custom_padding_tablet=&#8220;&#8220; custom_padding_phone=&#8220;11px||11px||true|true&#8220; custom_padding_last_edited=&#8220;on|phone&#8220; header_2_font_size_tablet=&#8220;50px&#8220; header_2_font_size_phone=&#8220;30px&#8220; header_2_font_size_last_edited=&#8220;on|phone&#8220; border_width_all=&#8220;4px&#8220; border_color_all=&#8220;#F3D71B&#8220; border_style_all=&#8220;dotted&#8220; global_colors_info=&#8220;{}&#8220;]<\/p>\n<h2><\/h2>\n<h2>philosophie<\/h2>\n<p>[\/et_pb_text][\/et_pb_column][\/et_pb_row][\/et_pb_section][et_pb_section fb_built=&#8220;1&#8243; specialty=&#8220;on&#8220; admin_label=&#8220;About&#8220; _builder_version=&#8220;4.16&#8243; background_color=&#8220;#ffffff&#8220; z_index=&#8220;10&#8243; custom_margin=&#8220;-19px|||||&#8220; custom_padding=&#8220;||1px|||&#8220; global_colors_info=&#8220;{}&#8220;][et_pb_column type=&#8220;1_3&#8243; _builder_version=&#8220;4.16&#8243; custom_padding=&#8220;|||&#8220; global_colors_info=&#8220;{}&#8220; custom_padding__hover=&#8220;|||&#8220;][et_pb_text _builder_version=&#8220;4.17.6&#8243; text_font=&#8220;||||||||&#8220; text_font_size=&#8220;16px&#8220; text_line_height=&#8220;1.8em&#8220; locked=&#8220;off&#8220; global_colors_info=&#8220;{}&#8220;]<\/p>\n<p><strong>POLENALLERGIE \u2013 eine Musiktherapie<\/strong><\/p>\n<p>Das <strong>Musikfestival Polenallergie<\/strong> hat sich junger polnischer Musik verschrieben. Durch die <strong>St\u00e4dtepartnerschaft N\u00fcrnberg-Krakau<\/strong> sind besonders Acts aus <strong>der pulsierenden Krakauer Musikszene<\/strong> fester Bestandteil des Programms. Seit 2008 l\u00e4dt das Krakauer Haus die interessantesten Musik-Acts der <strong>Alternative-, Underground- und Jazz-Szene<\/strong> nach N\u00fcrnberg ein. Spannend, experimentell, avantgardistisch \u2013 aber durchaus auch rockig, poppig und elektronisch angehaucht \u2013 <strong>beim Line-Up sind kaum Grenzen<\/strong> gesetzt Doch es geht nicht nur um aufregende neue Musik, sondern auch um den <strong>internationalen Dialog<\/strong>, den wir bei aller Musikbegeisterung niemals aus dem Auge verlieren d\u00fcrfen. Kunst und Musik sind seit jeher Mittel der wortlosen Verst\u00e4ndigung \u2013 und so soll es auch bei Polenallergie sein. Die kreative, atemberaubende Energie so mancher Live-Acts der letzten Jahre hat so manche:n N\u00fcrnberger:in zur Reise nach Krakau animiert.<\/p>\n<p>&nbsp;<\/p>\n<p>[\/et_pb_text][et_pb_text _builder_version=&#8220;4.16&#8243; text_font=&#8220;||||||||&#8220; text_font_size=&#8220;16px&#8220; text_line_height=&#8220;1.8em&#8220; locked=&#8220;off&#8220; global_colors_info=&#8220;{}&#8220;]<\/p>\n<p>&nbsp;<\/p>\n<p>&nbsp;<\/p>\n<p>&nbsp;<\/p>\n<p>[\/et_pb_text][\/et_pb_column][et_pb_column type=&#8220;2_3&#8243; specialty_columns=&#8220;2&#8243; _builder_version=&#8220;4.16&#8243; custom_padding=&#8220;|||&#8220; global_colors_info=&#8220;{}&#8220; custom_padding__hover=&#8220;|||&#8220;][et_pb_row_inner column_structure=&#8220;1_2,1_2&#8243; use_custom_gutter=&#8220;on&#8220; gutter_width=&#8220;1&#8243; _builder_version=&#8220;4.16&#8243; custom_padding=&#8220;0px||0px|0px|true|&#8220; global_colors_info=&#8220;{}&#8220;][et_pb_column_inner type=&#8220;1_2&#8243; saved_specialty_column_type=&#8220;2_3&#8243; _builder_version=&#8220;4.16&#8243; global_colors_info=&#8220;{}&#8220;][\/et_pb_column_inner][et_pb_column_inner type=&#8220;1_2&#8243; saved_specialty_column_type=&#8220;2_3&#8243; _builder_version=&#8220;4.16&#8243; global_colors_info=&#8220;{}&#8220;][et_pb_image src=&#8220;https:\/\/www.polenallergie.de\/pa\/wp-content\/uploads\/2019\/08\/polen_allergie_elements-01.png&#8220; _builder_version=&#8220;4.16&#8243; custom_margin=&#8220;-19vw|-10vw|0px||false|false&#8220; custom_margin_tablet=&#8220;-27vw|0vw|||false|false&#8220; custom_margin_phone=&#8220;-25vw||||false|false&#8220; custom_margin_last_edited=&#8220;on|tablet&#8220; custom_padding=&#8220;|||&#8220; locked=&#8220;off&#8220; global_colors_info=&#8220;{}&#8220;][\/et_pb_image][\/et_pb_column_inner][\/et_pb_row_inner][et_pb_row_inner column_structure=&#8220;1_2,1_2&#8243; use_custom_gutter=&#8220;on&#8220; gutter_width=&#8220;1&#8243; _builder_version=&#8220;4.16&#8243; custom_margin=&#8220;||64px&#8220; custom_margin_tablet=&#8220;||0px&#8220; custom_margin_phone=&#8220;&#8220; custom_margin_last_edited=&#8220;on|desktop&#8220; custom_padding=&#8220;0px||0px|0px|true|&#8220; global_colors_info=&#8220;{}&#8220;][et_pb_column_inner type=&#8220;1_2&#8243; saved_specialty_column_type=&#8220;2_3&#8243; _builder_version=&#8220;4.16&#8243; global_colors_info=&#8220;{}&#8220;][et_pb_button button_url=&#8220;https:\/\/www.polenallergie.de\/#Aktuelletermine&#8220; button_text=&#8220;konzerte&#8220; button_alignment=&#8220;right&#8220; button_alignment_tablet=&#8220;left&#8220; button_alignment_phone=&#8220;left&#8220; button_alignment_last_edited=&#8220;on|desktop&#8220; _builder_version=&#8220;4.16&#8243; custom_button=&#8220;on&#8220; button_text_size=&#8220;14px&#8220; button_text_color=&#8220;#ffffff&#8220; button_bg_color=&#8220;#f46aa0&#8243; button_bg_use_color_gradient=&#8220;on&#8220; button_bg_color_gradient_direction=&#8220;90deg&#8220; button_bg_color_gradient_stops=&#8220;#ffb397 0%|#f46aa0 100%&#8220; button_bg_color_gradient_start=&#8220;#ffb397&#8243; button_bg_color_gradient_end=&#8220;#f46aa0&#8243; button_border_width=&#8220;0px&#8220; button_border_radius=&#8220;0px&#8220; button_letter_spacing=&#8220;5px&#8220; button_font=&#8220;Open Sans|700||on|||||&#8220; transform_scale_tablet=&#8220;&#8220; transform_scale_phone=&#8220;&#8220; transform_scale_last_edited=&#8220;on|tablet&#8220; transform_translate=&#8220;100%|-100%&#8220; transform_translate_tablet=&#8220;0%|0%&#8220; transform_translate_phone=&#8220;&#8220; transform_translate_last_edited=&#8220;on|desktop&#8220; transform_translate_linked=&#8220;off&#8220; transform_rotate_tablet=&#8220;&#8220; transform_rotate_phone=&#8220;&#8220; transform_rotate_last_edited=&#8220;on|desktop&#8220; transform_skew_tablet=&#8220;&#8220; transform_skew_phone=&#8220;&#8220; transform_skew_last_edited=&#8220;on|desktop&#8220; transform_origin_tablet=&#8220;&#8220; transform_origin_phone=&#8220;&#8220; transform_origin_last_edited=&#8220;on|desktop&#8220; transform_styles_last_edited=&#8220;on|desktop&#8220; z_index=&#8220;1&#8243; custom_margin=&#8220;||0px|&#8220; custom_margin_tablet=&#8220;|0px||36px|false|false&#8220; custom_margin_phone=&#8220;|||0px|false|false&#8220; custom_margin_last_edited=&#8220;on|desktop&#8220; custom_padding=&#8220;30px|40px|30px|40px|true|true&#8220; transform_styles_tablet=&#8220;&#8220; transform_styles_phone=&#8220;&#8220; box_shadow_style=&#8220;preset3&#8243; box_shadow_color_tablet=&#8220;#6d0014&#8243; box_shadow_color_last_edited=&#8220;off|tablet&#8220; locked=&#8220;off&#8220; global_colors_info=&#8220;{}&#8220; transform_styles__hover_enabled=&#8220;on&#8220; transform_scale__hover_enabled=&#8220;on&#8220; transform_translate__hover_enabled=&#8220;on&#8220; transform_rotate__hover_enabled=&#8220;on&#8220; transform_skew__hover_enabled=&#8220;on&#8220; transform_origin__hover_enabled=&#8220;on&#8220; transform_translate__hover=&#8220;102%|-100%&#8220;][\/et_pb_button][et_pb_image src=&#8220;https:\/\/www.polenallergie.de\/pa\/wp-content\/uploads\/2019\/08\/real.jpg&#8220; align_tablet=&#8220;center&#8220; align_phone=&#8220;&#8220; align_last_edited=&#8220;on|tablet&#8220; _builder_version=&#8220;4.16&#8243; width=&#8220;161.8%&#8220; width_tablet=&#8220;102.6%&#8220; width_phone=&#8220;100.5%&#8220; width_last_edited=&#8220;on|tablet&#8220; max_width_tablet=&#8220;none&#8220; max_width_last_edited=&#8220;off|desktop&#8220; custom_margin=&#8220;-83px|-199px||-23px||&#8220; custom_margin_tablet=&#8220;0px|0px||&#8220; custom_margin_phone=&#8220;|||0px|false|false&#8220; custom_margin_last_edited=&#8220;on|phone&#8220; custom_padding=&#8220;|0px||||&#8220; box_shadow_style=&#8220;preset3&#8243; box_shadow_vertical=&#8220;60px&#8220; box_shadow_blur=&#8220;80px&#8220; box_shadow_spread=&#8220;-40px&#8220; box_shadow_color=&#8220;rgba(0,0,0,0.46)&#8220; locked=&#8220;off&#8220; global_colors_info=&#8220;{}&#8220;][\/et_pb_image][et_pb_text _builder_version=&#8220;4.16&#8243; global_colors_info=&#8220;{}&#8220;]<\/p>\n<p style=\"text-align: left;\">Foto: Anja Duda<\/p>\n<p>[\/et_pb_text][\/et_pb_column_inner][et_pb_column_inner type=&#8220;1_2&#8243; saved_specialty_column_type=&#8220;2_3&#8243; _builder_version=&#8220;4.16&#8243; global_colors_info=&#8220;{}&#8220;][\/et_pb_column_inner][\/et_pb_row_inner][et_pb_row_inner _builder_version=&#8220;4.16&#8243; global_colors_info=&#8220;{}&#8220;][et_pb_column_inner saved_specialty_column_type=&#8220;2_3&#8243; _builder_version=&#8220;4.16&#8243; global_colors_info=&#8220;{}&#8220;][et_pb_text _builder_version=&#8220;4.17.6&#8243; text_font=&#8220;||||||||&#8220; text_font_size=&#8220;16px&#8220; text_line_height=&#8220;1.8em&#8220; max_width=&#8220;560px&#8220; locked=&#8220;off&#8220; global_colors_info=&#8220;{}&#8220;]<\/p>\n<p>Das Festival PolenAllergie wurde urspr\u00fcnglich gemeinsam von Grazyna Wanat (ehemalige Leiterin des Kulturzentrums im <span><a href=\"https:\/\/deref-gmx.net\/mail\/client\/-CHtsdVb07U\/dereferrer\/?redirectUrl=http%3A%2F%2Fwww.krakauer-haus.de\">Krakauer Haus<\/a><\/span>), \u00a0Reinhold Horn und dem Team der Katharinenruine konzipiert.<\/p>\n<p>Seit 2016 wird das Festival von\u00a0 Agata Kami\u0144ska geleitet.<\/p>\n<p>[\/et_pb_text][\/et_pb_column_inner][\/et_pb_row_inner][\/et_pb_column][\/et_pb_section][et_pb_section fb_built=&#8220;1&#8243; admin_label=&#8220;Footer&#8220; module_id=&#8220;Kontakt&#8220; _builder_version=&#8220;4.16&#8243; custom_padding=&#8220;||120px|||&#8220; locked=&#8220;off&#8220; global_colors_info=&#8220;{}&#8220;][et_pb_row _builder_version=&#8220;4.16&#8243; use_background_color_gradient=&#8220;on&#8220; background_color_gradient_direction=&#8220;90deg&#8220; background_color_gradient_stops=&#8220;#f46aa0 0%|#ffb397 100%&#8220; background_color_gradient_start=&#8220;#f46aa0&#8243; background_color_gradient_end=&#8220;#ffb397&#8243; height_tablet=&#8220;&#8220; height_phone=&#8220;171px&#8220; height_last_edited=&#8220;on|phone&#8220; custom_padding=&#8220;||0px|||&#8220; locked=&#8220;off&#8220; global_colors_info=&#8220;{}&#8220; width__hover_enabled=&#8220;on|desktop&#8220;][et_pb_column type=&#8220;4_4&#8243; _builder_version=&#8220;4.16&#8243; global_colors_info=&#8220;{}&#8220;][et_pb_text _builder_version=&#8220;4.16&#8243; text_font=&#8220;Fjalla One|||on|||||&#8220; text_text_color=&#8220;rgba(255,255,255,0.15)&#8220; text_font_size=&#8220;14vw&#8220; text_line_height=&#8220;1em&#8220; header_font=&#8220;||||||||&#8220; background_layout=&#8220;dark&#8220; custom_margin=&#8220;-3vw||-4vw|-1vw|false|false&#8220; custom_margin_phone=&#8220;||0em&#8220; custom_margin_last_edited=&#8220;off|desktop&#8220; mix_blend_mode=&#8220;overlay&#8220; animation_style=&#8220;fade&#8220; animation_direction=&#8220;left&#8220; animation_duration=&#8220;2000ms&#8220; text_font_size_tablet=&#8220;15vw&#8220; text_font_size_phone=&#8220;&#8220; text_font_size_last_edited=&#8220;on|desktop&#8220; locked=&#8220;off&#8220; global_colors_info=&#8220;{}&#8220;]<\/p>\n<p>E-Mail<\/p>\n<p>[\/et_pb_text][et_pb_text _builder_version=&#8220;4.16&#8243; text_font=&#8220;||||||||&#8220; text_font_size=&#8220;16px&#8220; text_line_height=&#8220;1.8em&#8220; header_font=&#8220;||||||||&#8220; header_2_font=&#8220;Fjalla One|||on|||||&#8220; header_2_font_size=&#8220;80px&#8220; header_2_line_height=&#8220;1.2em&#8220; text_orientation=&#8220;center&#8220; background_layout=&#8220;dark&#8220; width_tablet=&#8220;600px&#8220; width_phone=&#8220;400px&#8220; width_last_edited=&#8220;off|phone&#8220; max_width=&#8220;700px&#8220; module_alignment=&#8220;center&#8220; min_height=&#8220;177px&#8220; header_2_font_size_tablet=&#8220;50px&#8220; header_2_font_size_phone=&#8220;30px&#8220; header_2_font_size_last_edited=&#8220;on|phone&#8220; text_text_align=&#8220;center&#8220; locked=&#8220;off&#8220; global_colors_info=&#8220;{}&#8220;]<\/p>\n<h2>kontakt <\/h2>\n<p>[\/et_pb_text][\/et_pb_column][\/et_pb_row][et_pb_row column_structure=&#8220;1_3,1_3,1_3&#8243; custom_padding_last_edited=&#8220;on|desktop&#8220; _builder_version=&#8220;4.16&#8243; custom_padding=&#8220;100px|40px|100px|40px|true|true&#8220; custom_padding_tablet=&#8220;&#8220; custom_padding_phone=&#8220;40px||40px||true&#8220; box_shadow_style=&#8220;preset3&#8243; box_shadow_vertical=&#8220;40px&#8220; box_shadow_blur=&#8220;80px&#8220; box_shadow_color=&#8220;rgba(131,146,167,0.15)&#8220; locked=&#8220;off&#8220; global_colors_info=&#8220;{}&#8220;][et_pb_column type=&#8220;1_3&#8243; _builder_version=&#8220;4.16&#8243; custom_padding=&#8220;|||&#8220; global_colors_info=&#8220;{}&#8220; custom_padding__hover=&#8220;|||&#8220;][et_pb_text _builder_version=&#8220;4.16&#8243; global_colors_info=&#8220;{}&#8220;]<\/p>\n<p><strong>Kulturzentrum im Krakauer Haus <\/strong><\/p>\n<p> Hintere Insel Sch\u00fctt 34<br \/> 90403 N\u00fcrnberg<\/p>\n<p>[\/et_pb_text][\/et_pb_column][et_pb_column type=&#8220;1_3&#8243; _builder_version=&#8220;4.16&#8243; global_colors_info=&#8220;{}&#8220; custom_padding__hover=&#8220;|||&#8220;][et_pb_text _builder_version=&#8220;4.16&#8243; locked=&#8220;off&#8220; global_colors_info=&#8220;{}&#8220;]<\/p>\n<p>Email: <a href=\"mailto:kontakt@krakauer-haus.de\">kontakt@krakauer-haus.de<\/a><br \/> Internet: <a href=\"http:\/\/www.krakauer-haus.de\">www.krakauer-haus.de<\/a><br \/> Fon: 0911-22 41 20<br \/> Fax: 0911 24 48 241<\/p>\n<p>[\/et_pb_text][\/et_pb_column][et_pb_column type=&#8220;1_3&#8243; _builder_version=&#8220;4.16&#8243; global_colors_info=&#8220;{}&#8220; custom_padding__hover=&#8220;|||&#8220;][et_pb_text _builder_version=&#8220;4.16&#8243; text_font=&#8220;||||||||&#8220; header_font=&#8220;||||||||&#8220; header_4_font=&#8220;Fjalla One||||||||&#8220; header_4_font_size=&#8220;20px&#8220; header_4_letter_spacing=&#8220;7px&#8220; header_4_line_height=&#8220;1.2em&#8220; custom_padding=&#8220;|||17px||&#8220; header_4_text_align_tablet=&#8220;&#8220; header_4_text_align_phone=&#8220;center&#8220; header_4_text_align_last_edited=&#8220;on|desktop&#8220; global_colors_info=&#8220;{}&#8220; text_text_align_tablet=&#8220;left&#8220; text_text_align_phone=&#8220;left&#8220; text_text_align_last_edited=&#8220;off|desktop&#8220;]<\/p>\n<h4>Follow Us<\/h4>\n<p>[\/et_pb_text][et_pb_social_media_follow _builder_version=&#8220;4.16&#8243; text_orientation=&#8220;left&#8220; width_last_edited=&#8220;off|desktop&#8220; custom_margin_last_edited=&#8220;off|desktop&#8220; custom_padding_tablet=&#8220;|||52px&#8220; custom_padding_phone=&#8220;|||40px&#8220; custom_padding_last_edited=&#8220;off|tablet&#8220; filter_invert=&#8220;100%&#8220; filter_opacity=&#8220;27%&#8220; text_orientation_tablet=&#8220;left&#8220; text_orientation_phone=&#8220;center&#8220; text_orientation_last_edited=&#8220;on|desktop&#8220; border_radii=&#8220;on|50px|50px|50px|50px&#8220; border_width_all=&#8220;10px&#8220; border_color_all=&#8220;rgba(0,0,0,0)&#8220; global_colors_info=&#8220;{}&#8220; icon_color__hover=&#8220;#000000&#8243;][et_pb_social_media_follow_network social_network=&#8220;facebook&#8220; url=&#8220;https:\/\/www.facebook.com\/polenallergie\/&#8220; _builder_version=&#8220;4.16&#8243; background_color=&#8220;rgba(0,0,0,0)&#8220; global_colors_info=&#8220;{}&#8220; follow_button=&#8220;off&#8220; url_new_window=&#8220;on&#8220;]facebook[\/et_pb_social_media_follow_network][et_pb_social_media_follow_network social_network=&#8220;instagram&#8220; url=&#8220;https:\/\/www.instagram.com\/krakauer_haus\/&#8220; _builder_version=&#8220;4.16&#8243; background_color=&#8220;rgba(0,0,0,0)&#8220; global_colors_info=&#8220;{}&#8220; follow_button=&#8220;off&#8220; url_new_window=&#8220;on&#8220;]instagram[\/et_pb_social_media_follow_network][\/et_pb_social_media_follow][\/et_pb_column][\/et_pb_row][\/et_pb_section]<\/p>\n","protected":false},"excerpt":{"rendered":"<p>POLENAllergie12\/09 NEAL 28\/10 NINJA EPISKOPAT + THIRD EYE OF THE POET + ZWEIFEL und CAECILIA &nbsp;ein vorgeschmackpr\u00e4sentiert von NEAL &#8211; Eintritt frei Eintritt\u00a0 0 \u20ac | Veranstaltungsort: Bar Ludwig&#8217;s, Innere Laufer Gasse 35, 90403 N\u00fcrnberg NINJA EPISKOPAT + THIRD EYE OF THE POET + ZWEIFEL UND CAECILIA\u00a0 &#8211; nur Abendkasse Eintritt\u00a0 15 \u20ac\/10 \u20ac erm. [&hellip;]<\/p>\n","protected":false},"author":1,"featured_media":0,"parent":0,"menu_order":0,"comment_status":"closed","ping_status":"closed","template":"","meta":{"_et_pb_use_builder":"on","_et_pb_old_content":"","_et_gb_content_width":""},"_links":{"self":[{"href":"https:\/\/www.polenallergie.de\/index.php\/wp-json\/wp\/v2\/pages\/7"}],"collection":[{"href":"https:\/\/www.polenallergie.de\/index.php\/wp-json\/wp\/v2\/pages"}],"about":[{"href":"https:\/\/www.polenallergie.de\/index.php\/wp-json\/wp\/v2\/types\/page"}],"author":[{"embeddable":true,"href":"https:\/\/www.polenallergie.de\/index.php\/wp-json\/wp\/v2\/users\/1"}],"replies":[{"embeddable":true,"href":"https:\/\/www.polenallergie.de\/index.php\/wp-json\/wp\/v2\/comments?post=7"}],"version-history":[{"count":332,"href":"https:\/\/www.polenallergie.de\/index.php\/wp-json\/wp\/v2\/pages\/7\/revisions"}],"predecessor-version":[{"id":2446,"href":"https:\/\/www.polenallergie.de\/index.php\/wp-json\/wp\/v2\/pages\/7\/revisions\/2446"}],"wp:attachment":[{"href":"https:\/\/www.polenallergie.de\/index.php\/wp-json\/wp\/v2\/media?parent=7"}],"curies":[{"name":"wp","href":"https:\/\/api.w.org\/{rel}","templated":true}]}}